{"id":1748,"date":"2021-02-05T21:39:03","date_gmt":"2021-02-05T21:39:03","guid":{"rendered":"http:\/\/educacaofisica.sites.uff.br\/?page_id=1748"},"modified":"2021-02-05T21:39:03","modified_gmt":"2021-02-05T21:39:03","slug":"grupo-de-pesquisa-relacoes-de-genero-na-educacao-fisica","status":"publish","type":"page","link":"http:\/\/educacaofisica.sites.uff.br\/?page_id=1748","title":{"rendered":"Grupo de Pesquisa Rela\u00e7\u00f5es de G\u00eanero na Educa\u00e7\u00e3o F\u00edsica"},"content":{"rendered":"\n<p><strong>Coordena\u00e7\u00e3o: Prof\u00ba Dr Fabiano Pries Devide<\/strong><\/p>\n\n\n\n<p>O Grupo de Pesquisa em Rela\u00e7\u00f5es de G\u00eanero na Educa\u00e7\u00e3o F\u00edsica (GREGEF) est\u00e1 cadastrado no Diret\u00f3rio de Grupos de Pesquisa do CNPq desde 2015, no \u00e2mbito do curso de gradua\u00e7\u00e3o em Licenciatura em Educa\u00e7\u00e3o F\u00edsica, da Universidade Federal Fluminense (UFF). Desde ent\u00e3o, o GREGEF vem desenvolvendo atividades a partir de parcerias em produ\u00e7\u00f5es acad\u00eamicas, resultando em livros, cap\u00edtulos, artigos e trabalhos apresentados em congressos em coautoria com outros pesquisadores, com orientandos e ex-orientandos. No contexto das pesquisas em G\u00eanero na Educa\u00e7\u00e3o F\u00edsica, este GP encontra-se alinhado com o GT G\u00eanero do CBCE, do qual faz parte do comit\u00ea cient\u00edfico desde 2017. A partir de 2018.2, decorrente, entre outros aspectos, da Resolu\u00e7\u00e3o n\u00ba 2, de 1\u00ba de julho de 2015, a disciplina &#8220;Estudos de G\u00eanero na Educa\u00e7\u00e3o F\u00edsica Brasileira&#8221;, ministrada h\u00e1 7 anos como optativa, passou a ser uma disciplina &#8220;obrigat\u00f3ria&#8221;. Este era o principal aspecto pelo qual aguardava o in\u00edcio das reuni\u00f5es do GP, in loco, no IEF-UFF, pois tem interesse, sobretudo, que aqueles alunos matriculados no curso e interessados em aprofundar estudos sobre a tem\u00e1tica das Rela\u00e7\u00f5es de G\u00eanero na Educa\u00e7\u00e3o F\u00edsica, tenham tempo h\u00e1bil para se envolverem em pesquisas ap\u00f3s cursarem a disciplina ou participarem do GP, representando-o em eventos: semin\u00e1rios, oficinas, encontros e congressos locais, nacionais ou internacionais. O GREGEF organizou dois Semin\u00e1rios de Estudos de G\u00eanero &#8211; 2018 e 2019 &#8211; na dire\u00e7\u00e3o de consolidar este evento com uma periodicidade anual, em di\u00e1logo com outros Grupos de Pesquisa que desenvolvem estudos no campo do G\u00eanero, Corpo e Sexualidade na Educa\u00e7\u00e3o F\u00edsica. Al\u00e9m dessas a\u00e7\u00f5es, o GREGEF tem oferecido cursos para estudantes e docentes de Educa\u00e7\u00e3o F\u00edsica que atuam com a Educa\u00e7\u00e3o F\u00edsica escolar.<\/p>\n","protected":false},"excerpt":{"rendered":"<p>Coordena\u00e7\u00e3o: Prof\u00ba Dr Fabiano Pries Devide O Grupo de Pesquisa em Rela\u00e7\u00f5es de G\u00eanero na Educa\u00e7\u00e3o F\u00edsica (GREGEF) est\u00e1 cadastrado no Diret\u00f3rio de Grupos de Pesquisa do CNPq desde 2015, no \u00e2mbito do curso de gradua\u00e7\u00e3o em Licenciatura em Educa\u00e7\u00e3o F\u00edsica, da Universidade Federal Fluminense (UFF). Desde ent\u00e3o, o GREGEF vem desenvolvendo atividades a partir [&hellip;]<\/p>\n","protected":false},"author":10,"featured_media":0,"parent":0,"menu_order":0,"comment_status":"closed","ping_status":"closed","template":"","meta":{"_exactmetrics_skip_tracking":false,"_exactmetrics_sitenote_active":false,"_exactmetrics_sitenote_note":"","_exactmetrics_sitenote_category":0,"footnotes":""},"categories":[],"tags":[],"class_list":["post-1748","page","type-page","status-publish","hentry"],"_links":{"self":[{"href":"http:\/\/educacaofisica.sites.uff.br\/index.php?rest_route=\/wp\/v2\/pages\/1748","targetHints":{"allow":["GET"]}}],"collection":[{"href":"http:\/\/educacaofisica.sites.uff.br\/index.php?rest_route=\/wp\/v2\/pages"}],"about":[{"href":"http:\/\/educacaofisica.sites.uff.br\/index.php?rest_route=\/wp\/v2\/types\/page"}],"author":[{"embeddable":true,"href":"http:\/\/educacaofisica.sites.uff.br\/index.php?rest_route=\/wp\/v2\/users\/10"}],"replies":[{"embeddable":true,"href":"http:\/\/educacaofisica.sites.uff.br\/index.php?rest_route=%2Fwp%2Fv2%2Fcomments&post=1748"}],"version-history":[{"count":1,"href":"http:\/\/educacaofisica.sites.uff.br\/index.php?rest_route=\/wp\/v2\/pages\/1748\/revisions"}],"predecessor-version":[{"id":1749,"href":"http:\/\/educacaofisica.sites.uff.br\/index.php?rest_route=\/wp\/v2\/pages\/1748\/revisions\/1749"}],"wp:attachment":[{"href":"http:\/\/educacaofisica.sites.uff.br\/index.php?rest_route=%2Fwp%2Fv2%2Fmedia&parent=1748"}],"wp:term":[{"taxonomy":"category","embeddable":true,"href":"http:\/\/educacaofisica.sites.uff.br\/index.php?rest_route=%2Fwp%2Fv2%2Fcategories&post=1748"},{"taxonomy":"post_tag","embeddable":true,"href":"http:\/\/educacaofisica.sites.uff.br\/index.php?rest_route=%2Fwp%2Fv2%2Ftags&post=1748"}],"curies":[{"name":"wp","href":"https:\/\/api.w.org\/{rel}","templated":true}]}}