{"id":1643,"date":"2020-09-12T17:38:08","date_gmt":"2020-09-12T17:38:08","guid":{"rendered":"http:\/\/educacaofisica.sites.uff.br\/?page_id=1643"},"modified":"2020-09-12T17:44:00","modified_gmt":"2020-09-12T17:44:00","slug":"grupo-de-pesquisa-elac-educacao-fisica-escolar-experiencias-ludicas-e-artisticas-corporeidades","status":"publish","type":"page","link":"http:\/\/educacaofisica.sites.uff.br\/?page_id=1643","title":{"rendered":"Grupo de Pesquisa ELAC (Educa\u00e7\u00e3o f\u00edsica escolar; experi\u00eancias L\u00fadicas e Art\u00edsticas; Corporeidades)."},"content":{"rendered":"\n<p> <strong>Coordena\u00e7\u00e3o: Prof\u00aa Dr\u00aa Rosa Malena Carvalho <\/strong><\/p>\n\n\n\n<div class=\"wp-block-image\"><figure class=\"alignright size-large is-resized\"><img loading=\"lazy\" decoding=\"async\" src=\"http:\/\/educacaofisica.sites.uff.br\/wp-content\/uploads\/sites\/10\/2016\/10\/ELAC-folder-manipulado-m\u00f3dulo-7.png\" alt=\"\" class=\"wp-image-499\" width=\"209\" height=\"93\" \/><\/figure><\/div>\n\n\n\n<p>Registrado no CNPq desde 2009, o Grupo pesquisa e desenvolve pr\u00e1ticas pedag\u00f3gicas que tematizam a cultura corporal, o l\u00fadico e as experi\u00eancias como conhecimento; as oportunidades educativas como bens comuns; a Educa\u00e7\u00e3o B\u00e1sica e o Ensino Superior como tempos e espa\u00e7os p\u00fablicos. Objetivamos contribuir na consolida\u00e7\u00e3o de sentidos e gestos para um trabalho docente que se forma e constitui para qualificar e caracterizar o escolar. Ao mesmo tempo, o estudo das experi\u00eancias e das corporeidades possibilita problematizar esse conte\u00fado no conjunto da organiza\u00e7\u00e3o escolar, especialmente para a&nbsp;Educa\u00e7\u00e3o de Jovens e Adultos (EJA). Com esse aporte, nossas principais pesquisas abordam as corporeidades, a educa\u00e7\u00e3o f\u00edsica escolar, as experi\u00eancias l\u00fadicas\/art\u00edsticas e a EJA. O nome do grupo constituiu-se das suas tr\u00eas linhas de pesquisa: Educa\u00e7\u00e3o f\u00edsica escolar; experi\u00eancias L\u00fadicas e Art\u00edsticas; Corporeidades.<\/p>\n\n\n\n<p>Contatos: @pesquisaelac (instagram) e&nbsp; gpesquisaelac (endere\u00e7o eletr\u00f4nico)<\/p>\n\n\n\n<p><\/p>\n\n\n\n<p><\/p>\n\n\n\n<p><\/p>\n","protected":false},"excerpt":{"rendered":"<p>Coordena\u00e7\u00e3o: Prof\u00aa Dr\u00aa Rosa Malena Carvalho Registrado no CNPq desde 2009, o Grupo pesquisa e desenvolve pr\u00e1ticas pedag\u00f3gicas que tematizam a cultura corporal, o l\u00fadico e as experi\u00eancias como conhecimento; as oportunidades educativas como bens comuns; a Educa\u00e7\u00e3o B\u00e1sica e o Ensino Superior como tempos e espa\u00e7os p\u00fablicos. Objetivamos contribuir na consolida\u00e7\u00e3o de sentidos e [&hellip;]<\/p>\n","protected":false},"author":10,"featured_media":0,"parent":0,"menu_order":0,"comment_status":"closed","ping_status":"closed","template":"","meta":{"_exactmetrics_skip_tracking":false,"_exactmetrics_sitenote_active":false,"_exactmetrics_sitenote_note":"","_exactmetrics_sitenote_category":0,"footnotes":""},"categories":[],"tags":[],"class_list":["post-1643","page","type-page","status-publish","hentry"],"_links":{"self":[{"href":"http:\/\/educacaofisica.sites.uff.br\/index.php?rest_route=\/wp\/v2\/pages\/1643","targetHints":{"allow":["GET"]}}],"collection":[{"href":"http:\/\/educacaofisica.sites.uff.br\/index.php?rest_route=\/wp\/v2\/pages"}],"about":[{"href":"http:\/\/educacaofisica.sites.uff.br\/index.php?rest_route=\/wp\/v2\/types\/page"}],"author":[{"embeddable":true,"href":"http:\/\/educacaofisica.sites.uff.br\/index.php?rest_route=\/wp\/v2\/users\/10"}],"replies":[{"embeddable":true,"href":"http:\/\/educacaofisica.sites.uff.br\/index.php?rest_route=%2Fwp%2Fv2%2Fcomments&post=1643"}],"version-history":[{"count":5,"href":"http:\/\/educacaofisica.sites.uff.br\/index.php?rest_route=\/wp\/v2\/pages\/1643\/revisions"}],"predecessor-version":[{"id":1647,"href":"http:\/\/educacaofisica.sites.uff.br\/index.php?rest_route=\/wp\/v2\/pages\/1643\/revisions\/1647"}],"wp:attachment":[{"href":"http:\/\/educacaofisica.sites.uff.br\/index.php?rest_route=%2Fwp%2Fv2%2Fmedia&parent=1643"}],"wp:term":[{"taxonomy":"category","embeddable":true,"href":"http:\/\/educacaofisica.sites.uff.br\/index.php?rest_route=%2Fwp%2Fv2%2Fcategories&post=1643"},{"taxonomy":"post_tag","embeddable":true,"href":"http:\/\/educacaofisica.sites.uff.br\/index.php?rest_route=%2Fwp%2Fv2%2Ftags&post=1643"}],"curies":[{"name":"wp","href":"https:\/\/api.w.org\/{rel}","templated":true}]}}